{"id":105,"date":"2017-08-28T13:28:09","date_gmt":"2017-08-28T10:28:09","guid":{"rendered":"https:\/\/triinlingiene.ee\/ttgteachers\/?page_id=105"},"modified":"2019-08-24T13:51:15","modified_gmt":"2019-08-24T10:51:15","slug":"reykjavik","status":"publish","type":"page","link":"https:\/\/triinlingiene.ee\/ttgteachers\/opiranded\/reykjavik\/","title":{"rendered":"\u00dcheteistk\u00fcmnes ja kaheteistk\u00fcmnes \u00f5pir\u00e4nne"},"content":{"rendered":"<h5>2019.a m\u00e4rtsikuus s\u00f5itsid Islandile f\u00fc\u00fcsika\u00f5petaja Agnes Vask ja bioloogia \u00f5petaja Ott Maidre. Meie kolmas koost\u00f6\u00f6 <a href=\"https:\/\/www.englishmatters.org\/index.php\/courses\/erasmus_plus\/educational-visit-iceland\" target=\"_blank\" rel=\"noopener noreferrer\">English Matters<\/a>&#8217;i meeskonnaga toimus Reykjavikis ja nagu alati osales hariduslikul \u00f5ppek\u00e4igul m\u00f5nus \u00f5petajate ja koolijuhtide seltskond mitmest Euroopa riigist.<\/h5>\n<p>K\u00f5ik osalejad said v\u00e4ga hea \u00fclevaate Islandi hariduss\u00fcsteemist ning \u00f5ppisid l\u00e4hemalt tundma <a href=\"https:\/\/www.msund.is\/\" target=\"_blank\" rel=\"noopener noreferrer\">H\u00e1aleitissk\u00f3li p\u00f5hikooli<\/a>, <a href=\"https:\/\/www.msund.is\/\" target=\"_blank\" rel=\"noopener noreferrer\">Sundi keskkooli<\/a> ja <a href=\"http:\/\/flensborg.is\/\" target=\"_blank\" rel=\"noopener noreferrer\">Flensborgi keskkooli Hafnarfir\u00f0is<\/a>.<\/p>\n<p>Islandi koolis\u00fcsteem r\u00f5hutab \u00f5pilase enesejuhtimise olulisust \u00f5ppeprotsessis. \u00d5pilane \u00f5pib, \u00f5petaja suunab ja varustab \u00f5pilasi vajalike \u00f5ppematerjalidega. \u00d5ppekeskkond on stressivaba ja sujuv, vastavalt \u00f5pilase edasij\u00f5udmisele.<\/p>\n<p>Suur osa Islandi keskkoolidest on l\u00e4inud \u00fcle kursusep\u00f5hisele \u00f5ppele. Ei ole klasse, vaid on ained, mida \u00f5pilased valivad nii, nagu seda teevad \u00fcli\u00f5pilased Eesti \u00fclikoolides. Kursusep\u00f5hine s\u00fcsteem kaotab \u00f5pilaste jaoks k\u00fcll \u00fchtse klassivaimu, aga tagab rahulikuma \u00f5pikeskkonna.<\/p>\n<p>Koole k\u00fclastades sai selgeks, et \u00a0Islandi hariduss\u00fcsteem v\u00f5imaldab koolidel ise oma \u00f5ppekavu kujundada, et t\u00f5sta \u00f5pilaste \u00f5pimotivatsiooni ja v\u00e4hendada koolist v\u00e4ljalangevust. Selline radikaalne muutus n\u00e4itab, \u00a0et kui s\u00fcsteem ei t\u00f6\u00f6ta, siis tuleb seda muuta nii, et prioriteediks on inimene, mitte abstraktne m\u00f5te.<\/p>\n<p><a href=\"https:\/\/triinlingiene.ee\/ttgteachers\/wp-content\/uploads\/2019\/05\/IMG_2603.jpg\" target=\"_blank\" rel=\"noopener noreferrer\"><img loading=\"lazy\" class=\"wp-image-998 alignleft\" src=\"https:\/\/triinlingiene.ee\/ttgteachers\/wp-content\/uploads\/2019\/05\/IMG_2603-300x225.jpg\" alt=\"\" width=\"213\" height=\"160\" data-id=\"1001\" srcset=\"https:\/\/triinlingiene.ee\/ttgteachers\/wp-content\/uploads\/2019\/05\/IMG_2603-300x225.jpg 300w, https:\/\/triinlingiene.ee\/ttgteachers\/wp-content\/uploads\/2019\/05\/IMG_2603-768x576.jpg 768w, https:\/\/triinlingiene.ee\/ttgteachers\/wp-content\/uploads\/2019\/05\/IMG_2603-1024x768.jpg 1024w, https:\/\/triinlingiene.ee\/ttgteachers\/wp-content\/uploads\/2019\/05\/IMG_2603-728x546.jpg 728w, https:\/\/triinlingiene.ee\/ttgteachers\/wp-content\/uploads\/2019\/05\/IMG_2603-364x273.jpg 364w\" sizes=\"(max-width: 213px) 100vw, 213px\" \/><\/a><a href=\"https:\/\/triinlingiene.ee\/ttgteachers\/wp-content\/uploads\/2019\/05\/IMG_20190323_112228.jpg\" target=\"_blank\" rel=\"noopener noreferrer\"><img loading=\"lazy\" class=\"wp-image-1000 alignleft\" src=\"https:\/\/triinlingiene.ee\/ttgteachers\/wp-content\/uploads\/2019\/05\/IMG_20190323_112228-300x214.jpg\" alt=\"\" width=\"204\" height=\"145\" data-id=\"1000\" srcset=\"https:\/\/triinlingiene.ee\/ttgteachers\/wp-content\/uploads\/2019\/05\/IMG_20190323_112228-300x214.jpg 300w, https:\/\/triinlingiene.ee\/ttgteachers\/wp-content\/uploads\/2019\/05\/IMG_20190323_112228-768x549.jpg 768w, https:\/\/triinlingiene.ee\/ttgteachers\/wp-content\/uploads\/2019\/05\/IMG_20190323_112228-1024x732.jpg 1024w\" sizes=\"(max-width: 204px) 100vw, 204px\" \/><\/a><a href=\"https:\/\/triinlingiene.ee\/ttgteachers\/wp-content\/uploads\/2019\/05\/IMG_20190317_115630.jpg\"><img loading=\"lazy\" class=\"wp-image-1001 alignleft\" src=\"https:\/\/triinlingiene.ee\/ttgteachers\/wp-content\/uploads\/2019\/05\/IMG_20190317_115630-300x169.jpg\" alt=\"\" width=\"263\" height=\"148\" data-id=\"1001\" srcset=\"https:\/\/triinlingiene.ee\/ttgteachers\/wp-content\/uploads\/2019\/05\/IMG_20190317_115630-300x169.jpg 300w, https:\/\/triinlingiene.ee\/ttgteachers\/wp-content\/uploads\/2019\/05\/IMG_20190317_115630-768x432.jpg 768w, https:\/\/triinlingiene.ee\/ttgteachers\/wp-content\/uploads\/2019\/05\/IMG_20190317_115630-1024x576.jpg 1024w\" sizes=\"(max-width: 263px) 100vw, 263px\" \/><\/a><\/p>\n","protected":false},"excerpt":{"rendered":"<p>2019.a m\u00e4rtsikuus s\u00f5itsid Islandile f\u00fc\u00fcsika\u00f5petaja Agnes Vask ja bioloogia \u00f5petaja Ott Maidre. Meie kolmas koost\u00f6\u00f6 English Matters&#8217;i meeskonnaga toimus Reykjavikis ja nagu alati osales hariduslikul \u00f5ppek\u00e4igul m\u00f5nus \u00f5petajate ja koolijuhtide seltskond mitmest Euroopa riigist. K\u00f5ik osalejad said v\u00e4ga hea \u00fclevaate &hellip; <a class=\"kt-excerpt-readmore\" href=\"https:\/\/triinlingiene.ee\/ttgteachers\/opiranded\/reykjavik\/\" aria-label=\"\u00dcheteistk\u00fcmnes ja kaheteistk\u00fcmnes \u00f5pir\u00e4nne\">Read More<\/a><\/p>\n","protected":false},"author":1,"featured_media":0,"parent":14,"menu_order":6,"comment_status":"closed","ping_status":"closed","template":"page-sidebar.php","meta":{"_mi_skip_tracking":false},"_links":{"self":[{"href":"https:\/\/triinlingiene.ee\/ttgteachers\/wp-json\/wp\/v2\/pages\/105"}],"collection":[{"href":"https:\/\/triinlingiene.ee\/ttgteachers\/wp-json\/wp\/v2\/pages"}],"about":[{"href":"https:\/\/triinlingiene.ee\/ttgteachers\/wp-json\/wp\/v2\/types\/page"}],"author":[{"embeddable":true,"href":"https:\/\/triinlingiene.ee\/ttgteachers\/wp-json\/wp\/v2\/users\/1"}],"replies":[{"embeddable":true,"href":"https:\/\/triinlingiene.ee\/ttgteachers\/wp-json\/wp\/v2\/comments?post=105"}],"version-history":[{"count":5,"href":"https:\/\/triinlingiene.ee\/ttgteachers\/wp-json\/wp\/v2\/pages\/105\/revisions"}],"predecessor-version":[{"id":1379,"href":"https:\/\/triinlingiene.ee\/ttgteachers\/wp-json\/wp\/v2\/pages\/105\/revisions\/1379"}],"up":[{"embeddable":true,"href":"https:\/\/triinlingiene.ee\/ttgteachers\/wp-json\/wp\/v2\/pages\/14"}],"wp:attachment":[{"href":"https:\/\/triinlingiene.ee\/ttgteachers\/wp-json\/wp\/v2\/media?parent=105"}],"curies":[{"name":"wp","href":"https:\/\/api.w.org\/{rel}","templated":true}]}}